{"id":758,"date":"2025-08-11T10:50:52","date_gmt":"2025-08-11T09:50:52","guid":{"rendered":"https:\/\/programasdesanfermin.com\/?post_type=product&#038;p=758"},"modified":"2026-07-29T05:46:05","modified_gmt":"2026-07-29T04:46:05","slug":"programa-ano-1912","status":"publish","type":"product","link":"https:\/\/programasdesanfermin.com\/en\/product\/programa-ano-1912\/","title":{"rendered":"Programa A\u00f1o 1912"},"content":{"rendered":"<p>Programa de San Ferm\u00edn con una bonita portada realizada por Juan Garc\u00eda de Lara donde se plasma la imagen de seis se\u00f1oras vestidas de fiesta. Este a\u00f1o se emiti\u00f3 el programa tambi\u00e9n en Frances con los mismos elementos.<\/p>\n<p>Ese a\u00f1o las fiestas continuaron siendo del del 6 al 20 de julio.<\/p>\n<p>&nbsp;<\/p>","protected":false},"excerpt":{"rendered":"<p>Programa de San Ferm\u00edn con una bonita portada realizada por Juan Garc\u00eda de Lara donde se plasma la imagen de seis se\u00f1oras vestidas de fiesta. Este a\u00f1o se emiti\u00f3 el programa tambi\u00e9n en Frances con los mismos elementos. Ese a\u00f1o las fiestas continuaron siendo del del 6 al 20 de julio. &nbsp;<\/p>","protected":false},"featured_media":726,"comment_status":"open","ping_status":"closed","template":"","meta":{"om_disable_all_campaigns":false,"_monsterinsights_skip_tracking":false},"product_brand":[],"product_cat":[24],"product_tag":[],"class_list":["post-758","product","type-product","status-publish","has-post-thumbnail","product_cat-programas-san-fermin","first","outofstock","shipping-taxable","product-type-simple"],"aioseo_notices":[],"aioseo_head":"\n\t\t<!-- All in One SEO 5.0.1.1 - aioseo.com -->\n\t<meta name=\"description\" content=\"Programa de San Ferm\u00edn con una bonita portada realizada por Juan Garc\u00eda de Lara donde se plasma la imagen de seis se\u00f1oras vestidas de fiesta. Este a\u00f1o se emiti\u00f3 el programa tambi\u00e9n en Frances con los mismos elementos. Ese a\u00f1o las fiestas continuaron siendo del del 6 al 20 de julio. programa san Ferm\u00edn 1912 fiestas de San Fem\u00edn Pamplona Iru\u00f1ea\" \/>\n\t<meta name=\"robots\" content=\"max-image-preview:large\" \/>\n\t<meta name=\"google-site-verification\" content=\"ck9MPk1Sf8vOiBecp67Ms6S_OThwVkDxlA2p-84IAOM\" \/>\n\t<link rel=\"canonical\" href=\"https:\/\/programasdesanfermin.com\/en\/product\/programa-ano-1912\/\" \/>\n\t<meta name=\"generator\" content=\"All in One SEO (AIOSEO) 5.0.1.1\" \/>\n\t\t<meta property=\"og:locale\" content=\"en_US\" \/>\n\t\t<meta property=\"og:site_name\" content=\"PROGRAMAS DE LAS FIESTAS DE SAN FERM\u00cdN DE PAMPLONA\/IRU\u00d1EA - SAN FERMIN\" \/>\n\t\t<meta property=\"og:type\" content=\"article\" \/>\n\t\t<meta property=\"og:title\" content=\"Programa A\u00f1o 1912 - #site_titlePrograma San Ferm\u00edn 1912\" \/>\n\t\t<meta property=\"og:description\" content=\"Programa de San Ferm\u00edn con una bonita portada realizada por Juan Garc\u00eda de Lara donde se plasma la imagen de seis se\u00f1oras vestidas de fiesta. Este a\u00f1o se emiti\u00f3 el programa tambi\u00e9n en Frances con los mismos elementos. Ese a\u00f1o las fiestas continuaron siendo del del 6 al 20 de julio. programa san Ferm\u00edn 1912 fiestas de San Fem\u00edn Pamplona Iru\u00f1ea\" \/>\n\t\t<meta property=\"og:url\" content=\"https:\/\/programasdesanfermin.com\/en\/product\/programa-ano-1912\/\" \/>\n\t\t<meta property=\"article:published_time\" content=\"2025-08-11T09:50:52+00:00\" \/>\n\t\t<meta property=\"article:modified_time\" content=\"2026-07-29T04:46:05+00:00\" \/>\n\t\t<meta name=\"twitter:card\" content=\"summary_large_image\" \/>\n\t\t<meta name=\"twitter:title\" content=\"Programa A\u00f1o 1912 - #site_titlePrograma San Ferm\u00edn 1912\" \/>\n\t\t<meta name=\"twitter:description\" content=\"Programa de San Ferm\u00edn con una bonita portada realizada por Juan Garc\u00eda de Lara donde se plasma la imagen de seis se\u00f1oras vestidas de fiesta. Este a\u00f1o se emiti\u00f3 el programa tambi\u00e9n en Frances con los mismos elementos. Ese a\u00f1o las fiestas continuaron siendo del del 6 al 20 de julio. programa san Ferm\u00edn 1912 fiestas de San Fem\u00edn Pamplona Iru\u00f1ea\" \/>\n\t\t<script type=\"application\/ld+json\" class=\"aioseo-schema\">\n\t\t\t{\"@context\":\"https:\\\/\\\/schema.org\",\"@graph\":[{\"@type\":\"BreadcrumbList\",\"@id\":\"https:\\\/\\\/programasdesanfermin.com\\\/en\\\/product\\\/programa-ano-1912\\\/#breadcrumblist\",\"itemListElement\":[{\"@type\":\"ListItem\",\"@id\":\"https:\\\/\\\/programasdesanfermin.com\\\/en#listItem\",\"position\":1,\"name\":\"Home\",\"item\":\"https:\\\/\\\/programasdesanfermin.com\\\/en\",\"nextItem\":{\"@type\":\"ListItem\",\"@id\":\"https:\\\/\\\/programasdesanfermin.com\\\/en\\\/tienda\\\/#listItem\",\"name\":\"Nuestro cat\\u00e1logo\"}},{\"@type\":\"ListItem\",\"@id\":\"https:\\\/\\\/programasdesanfermin.com\\\/en\\\/tienda\\\/#listItem\",\"position\":2,\"name\":\"Nuestro cat\\u00e1logo\",\"item\":\"https:\\\/\\\/programasdesanfermin.com\\\/en\\\/tienda\\\/\",\"nextItem\":{\"@type\":\"ListItem\",\"@id\":\"https:\\\/\\\/programasdesanfermin.com\\\/en\\\/product-category\\\/programas-san-fermin\\\/#listItem\",\"name\":\"Programas San Ferm\\u00edn\"},\"previousItem\":{\"@type\":\"ListItem\",\"@id\":\"https:\\\/\\\/programasdesanfermin.com\\\/en#listItem\",\"name\":\"Home\"}},{\"@type\":\"ListItem\",\"@id\":\"https:\\\/\\\/programasdesanfermin.com\\\/en\\\/product-category\\\/programas-san-fermin\\\/#listItem\",\"position\":3,\"name\":\"Programas San Ferm\\u00edn\",\"item\":\"https:\\\/\\\/programasdesanfermin.com\\\/en\\\/product-category\\\/programas-san-fermin\\\/\",\"nextItem\":{\"@type\":\"ListItem\",\"@id\":\"https:\\\/\\\/programasdesanfermin.com\\\/en\\\/product\\\/programa-ano-1912\\\/#listItem\",\"name\":\"Programa A\\u00f1o 1912\"},\"previousItem\":{\"@type\":\"ListItem\",\"@id\":\"https:\\\/\\\/programasdesanfermin.com\\\/en\\\/tienda\\\/#listItem\",\"name\":\"Nuestro cat\\u00e1logo\"}},{\"@type\":\"ListItem\",\"@id\":\"https:\\\/\\\/programasdesanfermin.com\\\/en\\\/product\\\/programa-ano-1912\\\/#listItem\",\"position\":4,\"name\":\"Programa A\\u00f1o 1912\",\"previousItem\":{\"@type\":\"ListItem\",\"@id\":\"https:\\\/\\\/programasdesanfermin.com\\\/en\\\/product-category\\\/programas-san-fermin\\\/#listItem\",\"name\":\"Programas San Ferm\\u00edn\"}}]},{\"@type\":\"ItemPage\",\"@id\":\"https:\\\/\\\/programasdesanfermin.com\\\/en\\\/product\\\/programa-ano-1912\\\/#itempage\",\"url\":\"https:\\\/\\\/programasdesanfermin.com\\\/en\\\/product\\\/programa-ano-1912\\\/\",\"name\":\"Programa A\\u00f1o 1912 - #site_titlePrograma San Ferm\\u00edn 1912\",\"description\":\"Programa de San Ferm\\u00edn con una bonita portada realizada por Juan Garc\\u00eda de Lara donde se plasma la imagen de seis se\\u00f1oras vestidas de fiesta. Este a\\u00f1o se emiti\\u00f3 el programa tambi\\u00e9n en Frances con los mismos elementos. Ese a\\u00f1o las fiestas continuaron siendo del del 6 al 20 de julio. programa san Ferm\\u00edn 1912 fiestas de San Fem\\u00edn Pamplona Iru\\u00f1ea\",\"inLanguage\":\"en-US\",\"isPartOf\":{\"@id\":\"https:\\\/\\\/programasdesanfermin.com\\\/en\\\/#website\"},\"breadcrumb\":{\"@id\":\"https:\\\/\\\/programasdesanfermin.com\\\/en\\\/product\\\/programa-ano-1912\\\/#breadcrumblist\"},\"image\":{\"@type\":\"ImageObject\",\"url\":\"https:\\\/\\\/programasdesanfermin.com\\\/wp-content\\\/uploads\\\/2025\\\/08\\\/1914-Portada-rotated.jpeg\",\"@id\":\"https:\\\/\\\/programasdesanfermin.com\\\/en\\\/product\\\/programa-ano-1912\\\/#mainImage\",\"width\":1200,\"height\":1600,\"caption\":\"Programa 1912\"},\"primaryImageOfPage\":{\"@id\":\"https:\\\/\\\/programasdesanfermin.com\\\/en\\\/product\\\/programa-ano-1912\\\/#mainImage\"},\"datePublished\":\"2025-08-11T10:50:52+01:00\",\"dateModified\":\"2026-07-29T05:46:05+01:00\"},{\"@type\":\"Organization\",\"@id\":\"https:\\\/\\\/programasdesanfermin.com\\\/en\\\/#organization\",\"name\":\"PROGRAMAS DE LAS FIESTAS DE SAN FERM\\u00cdN DE PAMPLONA\\\/IRU\\u00d1EA Fistas de San Fermin de Pamplona\",\"description\":\"SAN FERMIN Coleccionismo de programas de las fiestas de san fermin de pamplona Collecting programs from the San Fermin festivities in Pamplona\",\"url\":\"https:\\\/\\\/programasdesanfermin.com\\\/en\\\/\",\"email\":\"info@programasdesanfermin.com\",\"logo\":{\"@type\":\"ImageObject\",\"url\":\"https:\\\/\\\/programasdesanfermin.com\\\/wp-content\\\/uploads\\\/2024\\\/12\\\/CARAVINAGRE.png\",\"@id\":\"https:\\\/\\\/programasdesanfermin.com\\\/en\\\/product\\\/programa-ano-1912\\\/#organizationLogo\",\"width\":493,\"height\":669},\"image\":{\"@id\":\"https:\\\/\\\/programasdesanfermin.com\\\/en\\\/product\\\/programa-ano-1912\\\/#organizationLogo\"}},{\"@type\":\"WebSite\",\"@id\":\"https:\\\/\\\/programasdesanfermin.com\\\/en\\\/#website\",\"url\":\"https:\\\/\\\/programasdesanfermin.com\\\/en\\\/\",\"name\":\"PROGRAMAS DE LAS FIESTAS DE SAN FERM\\u00cdN DE PAMPLONA\\\/IRU\\u00d1EA\",\"alternateName\":\"San Fermin Programs\",\"description\":\"SAN FERMIN\",\"inLanguage\":\"en-US\",\"publisher\":{\"@id\":\"https:\\\/\\\/programasdesanfermin.com\\\/en\\\/#organization\"}}]}\n\t\t<\/script>\n\t\t<!-- All in One SEO -->\n\n","aioseo_head_json":{"title":"Programa A\u00f1o 1912 - #site_titlePrograma San Ferm\u00edn 1912","description":"Programa de San Ferm\u00edn con una bonita portada realizada por Juan Garc\u00eda de Lara donde se plasma la imagen de seis se\u00f1oras vestidas de fiesta. Este a\u00f1o se emiti\u00f3 el programa tambi\u00e9n en Frances con los mismos elementos. Ese a\u00f1o las fiestas continuaron siendo del del 6 al 20 de julio. programa san Ferm\u00edn 1912 fiestas de San Fem\u00edn Pamplona Iru\u00f1ea","canonical_url":"https:\/\/programasdesanfermin.com\/en\/product\/programa-ano-1912\/","robots":"max-image-preview:large","keywords":"","webmasterTools":{"google-site-verification":"ck9MPk1Sf8vOiBecp67Ms6S_OThwVkDxlA2p-84IAOM","miscellaneous":""},"schema":{"@context":"https:\/\/schema.org","@graph":[{"@type":"BreadcrumbList","@id":"https:\/\/programasdesanfermin.com\/en\/product\/programa-ano-1912\/#breadcrumblist","itemListElement":[{"@type":"ListItem","@id":"https:\/\/programasdesanfermin.com\/en#listItem","position":1,"name":"Home","item":"https:\/\/programasdesanfermin.com\/en","nextItem":{"@type":"ListItem","@id":"https:\/\/programasdesanfermin.com\/en\/tienda\/#listItem","name":"Nuestro cat\u00e1logo"}},{"@type":"ListItem","@id":"https:\/\/programasdesanfermin.com\/en\/tienda\/#listItem","position":2,"name":"Nuestro cat\u00e1logo","item":"https:\/\/programasdesanfermin.com\/en\/tienda\/","nextItem":{"@type":"ListItem","@id":"https:\/\/programasdesanfermin.com\/en\/product-category\/programas-san-fermin\/#listItem","name":"Programas San Ferm\u00edn"},"previousItem":{"@type":"ListItem","@id":"https:\/\/programasdesanfermin.com\/en#listItem","name":"Home"}},{"@type":"ListItem","@id":"https:\/\/programasdesanfermin.com\/en\/product-category\/programas-san-fermin\/#listItem","position":3,"name":"Programas San Ferm\u00edn","item":"https:\/\/programasdesanfermin.com\/en\/product-category\/programas-san-fermin\/","nextItem":{"@type":"ListItem","@id":"https:\/\/programasdesanfermin.com\/en\/product\/programa-ano-1912\/#listItem","name":"Programa A\u00f1o 1912"},"previousItem":{"@type":"ListItem","@id":"https:\/\/programasdesanfermin.com\/en\/tienda\/#listItem","name":"Nuestro cat\u00e1logo"}},{"@type":"ListItem","@id":"https:\/\/programasdesanfermin.com\/en\/product\/programa-ano-1912\/#listItem","position":4,"name":"Programa A\u00f1o 1912","previousItem":{"@type":"ListItem","@id":"https:\/\/programasdesanfermin.com\/en\/product-category\/programas-san-fermin\/#listItem","name":"Programas San Ferm\u00edn"}}]},{"@type":"ItemPage","@id":"https:\/\/programasdesanfermin.com\/en\/product\/programa-ano-1912\/#itempage","url":"https:\/\/programasdesanfermin.com\/en\/product\/programa-ano-1912\/","name":"Programa A\u00f1o 1912 - #site_titlePrograma San Ferm\u00edn 1912","description":"Programa de San Ferm\u00edn con una bonita portada realizada por Juan Garc\u00eda de Lara donde se plasma la imagen de seis se\u00f1oras vestidas de fiesta. Este a\u00f1o se emiti\u00f3 el programa tambi\u00e9n en Frances con los mismos elementos. Ese a\u00f1o las fiestas continuaron siendo del del 6 al 20 de julio. programa san Ferm\u00edn 1912 fiestas de San Fem\u00edn Pamplona Iru\u00f1ea","inLanguage":"en-US","isPartOf":{"@id":"https:\/\/programasdesanfermin.com\/en\/#website"},"breadcrumb":{"@id":"https:\/\/programasdesanfermin.com\/en\/product\/programa-ano-1912\/#breadcrumblist"},"image":{"@type":"ImageObject","url":"https:\/\/programasdesanfermin.com\/wp-content\/uploads\/2025\/08\/1914-Portada-rotated.jpeg","@id":"https:\/\/programasdesanfermin.com\/en\/product\/programa-ano-1912\/#mainImage","width":1200,"height":1600,"caption":"Programa 1912"},"primaryImageOfPage":{"@id":"https:\/\/programasdesanfermin.com\/en\/product\/programa-ano-1912\/#mainImage"},"datePublished":"2025-08-11T10:50:52+01:00","dateModified":"2026-07-29T05:46:05+01:00"},{"@type":"Organization","@id":"https:\/\/programasdesanfermin.com\/en\/#organization","name":"PROGRAMAS DE LAS FIESTAS DE SAN FERM\u00cdN DE PAMPLONA\/IRU\u00d1EA Fistas de San Fermin de Pamplona","description":"SAN FERMIN Coleccionismo de programas de las fiestas de san fermin de pamplona Collecting programs from the San Fermin festivities in Pamplona","url":"https:\/\/programasdesanfermin.com\/en\/","email":"info@programasdesanfermin.com","logo":{"@type":"ImageObject","url":"https:\/\/programasdesanfermin.com\/wp-content\/uploads\/2024\/12\/CARAVINAGRE.png","@id":"https:\/\/programasdesanfermin.com\/en\/product\/programa-ano-1912\/#organizationLogo","width":493,"height":669},"image":{"@id":"https:\/\/programasdesanfermin.com\/en\/product\/programa-ano-1912\/#organizationLogo"}},{"@type":"WebSite","@id":"https:\/\/programasdesanfermin.com\/en\/#website","url":"https:\/\/programasdesanfermin.com\/en\/","name":"PROGRAMAS DE LAS FIESTAS DE SAN FERM\u00cdN DE PAMPLONA\/IRU\u00d1EA","alternateName":"San Fermin Programs","description":"SAN FERMIN","inLanguage":"en-US","publisher":{"@id":"https:\/\/programasdesanfermin.com\/en\/#organization"}}]},"og:locale":"en_US","og:site_name":"PROGRAMAS DE LAS FIESTAS DE SAN FERM\u00cdN DE PAMPLONA\/IRU\u00d1EA - SAN FERMIN","og:type":"article","og:title":"Programa A\u00f1o 1912 - #site_titlePrograma San Ferm\u00edn 1912","og:description":"Programa de San Ferm\u00edn con una bonita portada realizada por Juan Garc\u00eda de Lara donde se plasma la imagen de seis se\u00f1oras vestidas de fiesta. Este a\u00f1o se emiti\u00f3 el programa tambi\u00e9n en Frances con los mismos elementos. Ese a\u00f1o las fiestas continuaron siendo del del 6 al 20 de julio. programa san Ferm\u00edn 1912 fiestas de San Fem\u00edn Pamplona Iru\u00f1ea","og:url":"https:\/\/programasdesanfermin.com\/en\/product\/programa-ano-1912\/","article:published_time":"2025-08-11T09:50:52+00:00","article:modified_time":"2026-07-29T04:46:05+00:00","twitter:card":"summary_large_image","twitter:title":"Programa A\u00f1o 1912 - #site_titlePrograma San Ferm\u00edn 1912","twitter:description":"Programa de San Ferm\u00edn con una bonita portada realizada por Juan Garc\u00eda de Lara donde se plasma la imagen de seis se\u00f1oras vestidas de fiesta. Este a\u00f1o se emiti\u00f3 el programa tambi\u00e9n en Frances con los mismos elementos. Ese a\u00f1o las fiestas continuaron siendo del del 6 al 20 de julio. programa san Ferm\u00edn 1912 fiestas de San Fem\u00edn Pamplona Iru\u00f1ea"},"aioseo_meta_data":{"post_id":"758","title":"#post_title #separator_sa #site_titlePrograma San Ferm\u00edn 1912","description":"#post_excerpt programa san Ferm\u00edn 1912 fiestas de San Fem\u00edn Pamplona Iru\u00f1ea","keywords":null,"keyphrases":{"focus":{"keyphrase":"","score":0,"analysis":{"keyphraseInTitle":{"score":0,"maxScore":9,"error":1}}},"additional":[]},"primary_term":null,"canonical_url":null,"og_title":null,"og_description":null,"og_object_type":"default","og_image_type":"default","og_image_url":null,"og_image_width":null,"og_image_height":null,"og_image_custom_url":null,"og_image_custom_fields":null,"og_video":"","og_custom_url":null,"og_article_section":null,"og_article_tags":null,"twitter_use_og":false,"twitter_card":"default","twitter_image_type":"default","twitter_image_url":null,"twitter_image_custom_url":null,"twitter_image_custom_fields":null,"twitter_title":null,"twitter_description":null,"schema":{"blockGraphs":[],"customGraphs":[],"default":{"data":{"Article":[],"Course":[],"Dataset":[],"FAQPage":[],"Movie":[],"Person":[],"Product":[],"ProductReview":[],"Car":[],"Recipe":[],"Service":[],"SoftwareApplication":[],"WebPage":[]},"graphName":"ItemPage","isEnabled":true},"graphs":[]},"schema_type":"default","schema_type_options":null,"pillar_content":false,"robots_default":true,"robots_noindex":false,"robots_noarchive":false,"robots_nosnippet":false,"robots_nofollow":false,"robots_noimageindex":false,"robots_noodp":false,"robots_notranslate":false,"robots_max_snippet":"-1","robots_max_videopreview":"-1","robots_max_imagepreview":"large","priority":null,"frequency":"default","local_seo":null,"breadcrumb_settings":null,"limit_modified_date":false,"ai":{"faqs":[],"keyPoints":[],"titles":[],"descriptions":[],"socialPosts":{"email":[],"linkedin":[],"twitter":[],"facebook":[],"instagram":[]}},"created":"2025-08-11 09:50:52","updated":"2026-07-29 12:21:47","seo_analyzer_scan_date":null,"focus_keyword":null,"additional_keywords":null,"truseo_locale":null},"aioseo_breadcrumb":"<div class=\"aioseo-breadcrumbs\"><span class=\"aioseo-breadcrumb\">\n\t\t\t<a href=\"https:\/\/programasdesanfermin.com\/en\" title=\"Home\">Home<\/a>\n\t\t<\/span><span class=\"aioseo-breadcrumb-separator\">&raquo;<\/span><span class=\"aioseo-breadcrumb\">\n\t\t\t<a href=\"https:\/\/programasdesanfermin.com\/en\/tienda\/\" title=\"Nuestro cat\u00e1logo\">Nuestro cat\u00e1logo<\/a>\n\t\t<\/span><span class=\"aioseo-breadcrumb-separator\">&raquo;<\/span><span class=\"aioseo-breadcrumb\">\n\t\t\t<a href=\"https:\/\/programasdesanfermin.com\/en\/product-category\/programas-san-fermin\/\" title=\"Programas San Ferm\u00edn\">Programas San Ferm\u00edn<\/a>\n\t\t<\/span><span class=\"aioseo-breadcrumb-separator\">&raquo;<\/span><span class=\"aioseo-breadcrumb\">\n\t\t\tPrograma A\u00f1o 1912\n\t\t<\/span><\/div>","aioseo_breadcrumb_json":[{"label":"Home","link":"https:\/\/programasdesanfermin.com\/en"},{"label":"Nuestro cat\u00e1logo","link":"https:\/\/programasdesanfermin.com\/en\/tienda\/"},{"label":"Programas San Ferm\u00edn","link":"https:\/\/programasdesanfermin.com\/en\/product-category\/programas-san-fermin\/"},{"label":"Programa A\u00f1o 1912","link":"https:\/\/programasdesanfermin.com\/en\/product\/programa-ano-1912\/"}],"_links":{"self":[{"href":"https:\/\/programasdesanfermin.com\/en\/wp-json\/wp\/v2\/product\/758","targetHints":{"allow":["GET"]}}],"collection":[{"href":"https:\/\/programasdesanfermin.com\/en\/wp-json\/wp\/v2\/product"}],"about":[{"href":"https:\/\/programasdesanfermin.com\/en\/wp-json\/wp\/v2\/types\/product"}],"replies":[{"embeddable":true,"href":"https:\/\/programasdesanfermin.com\/en\/wp-json\/wp\/v2\/comments?post=758"}],"wp:featuredmedia":[{"embeddable":true,"href":"https:\/\/programasdesanfermin.com\/en\/wp-json\/wp\/v2\/media\/726"}],"wp:attachment":[{"href":"https:\/\/programasdesanfermin.com\/en\/wp-json\/wp\/v2\/media?parent=758"}],"wp:term":[{"taxonomy":"product_brand","embeddable":true,"href":"https:\/\/programasdesanfermin.com\/en\/wp-json\/wp\/v2\/product_brand?post=758"},{"taxonomy":"product_cat","embeddable":true,"href":"https:\/\/programasdesanfermin.com\/en\/wp-json\/wp\/v2\/product_cat?post=758"},{"taxonomy":"product_tag","embeddable":true,"href":"https:\/\/programasdesanfermin.com\/en\/wp-json\/wp\/v2\/product_tag?post=758"}],"curies":[{"name":"wp","href":"https:\/\/api.w.org\/{rel}","templated":true}]}}